{"id":3186,"date":"2024-11-26T09:32:14","date_gmt":"2024-11-26T09:32:14","guid":{"rendered":"https:\/\/cartoriolisboa.pt\/notaria\/"},"modified":"2025-04-03T16:24:37","modified_gmt":"2025-04-03T16:24:37","slug":"notaire","status":"publish","type":"page","link":"https:\/\/cartoriolisboa.pt\/fr\/notaire\/","title":{"rendered":"NOTAIRE"},"content":{"rendered":"<div id='av_section_1'  class='avia-section av-10d9s-f6565325238af4a09c5b7410547e13b2 main_color avia-section-default avia-no-border-styling  avia-builder-el-0  avia-builder-el-no-sibling  avia-bg-style-scroll container_wrap fullsize'  ><div class='container av-section-cont-open' ><main  role=\"main\" itemprop=\"mainContentOfPage\"  class='template-page content  av-content-full alpha units'><div class='post-entry post-entry-type-page post-entry-3186'><div class='entry-content-wrapper clearfix'>\n\n<style type=\"text\/css\" data-created_by=\"avia_inline_auto\" id=\"style-css-av-370zyk-a54f74aa2b5779c222ee9c6e55330672\">\n#top .av-special-heading.av-370zyk-a54f74aa2b5779c222ee9c6e55330672{\npadding-bottom:10px;\n}\nbody .av-special-heading.av-370zyk-a54f74aa2b5779c222ee9c6e55330672 .av-special-heading-tag .heading-char{\nfont-size:25px;\n}\n.av-special-heading.av-370zyk-a54f74aa2b5779c222ee9c6e55330672 .av-subheading{\nfont-size:15px;\n}\n<\/style>\n<div  class='av-special-heading av-370zyk-a54f74aa2b5779c222ee9c6e55330672 av-special-heading-h1 blockquote modern-quote modern-centered  avia-builder-el-1  el_before_av_textblock  avia-builder-el-first  av-linked-heading'><h1 class='av-special-heading-tag '  itemprop=\"headline\"  >DIOVANA BARBIERI<\/h1><div class=\"special-heading-border\"><div class=\"special-heading-inner-border\"><\/div><\/div><\/div>\n<section  class='av_textblock_section av-k8rujvj4-605bbaf9ebba3e483b26959086d4676f '   itemscope=\"itemscope\" itemtype=\"https:\/\/schema.org\/CreativeWork\" ><div class='avia_textblock'  itemprop=\"text\" ><section class=\"av_textblock_section av-k8rujvj4-ce345c3301f99d913309b1455715563f \">\n<div class=\"avia_textblock\">\n<p style=\"text-align: center;\">La Notaire est titulaire d\u2019un Doctorat en <em>Nouvelles tendances en Droit priv\u00e9<\/em> de l\u2019Universit\u00e9 de Salamanque (USAL), Espagne (2013)\u00a0;<\/p>\n<p style=\"text-align: center;\">Master en Droit civil de la Facult\u00e9 de Droit de l\u2019Universit\u00e9 de Coimbra (2005)\u00a0;<\/p>\n<p style=\"text-align: center;\">Troisi\u00e8me cycle en Droits humains par l\u2019<em>Ius<\/em>\u00a0<em>Gentium<\/em>\u00a0<em>Conimbrigae, <\/em>Facult\u00e9 de Droit de l\u2019Universit\u00e9 de Coimbra (2004)\u00a0;<\/p>\n<p style=\"text-align: center;\">Troisi\u00e8me cycle en Responsabilit\u00e9 civile et Droit du consommateur de la Facult\u00e9 de Droit de Curitiba, Br\u00e9sil (2001)\u00a0;<\/p>\n<p style=\"text-align: center;\">Dipl\u00f4m\u00e9e en Droit de l\u2019Universit\u00e9 Pontificale Catholique du Paran\u00e1 \u2013 BR (2001).<\/p>\n<p style=\"text-align: center;\">Elle exerce ses fonctions depuis mars 2016 et a une \u00e9tude notariale \u00e0 Sintra depuis janvier 2017.<\/p>\n<p style=\"text-align: center;\">Elle est Professeur invit\u00e9e du CENOR &#8211; Centre d\u2019\u00e9tudes notariales et des registres, Facult\u00e9 de Droit de l\u2019Universit\u00e9 de Coimbra, dans le cours de Troisi\u00e8me Cycle en Droit Notarial et des Registres.<\/p>\n<p style=\"text-align: center;\">Elle a travaill\u00e9 comme avocate, enseignante du Cursus de Droit des Facult\u00e9s Campo Real (BR)\u00a0; chercheuse et boursi\u00e8re de l\u2019Union europ\u00e9enne, dans le cadre du projet RTN \u2013 Fundamental Rigths and Private Law\u00a0; coordinatrice et enseignante du Cursus de Droit de la Facult\u00e9 Faneesp (BR)\u00a0; chercheuse et boursi\u00e8re de la FCT &#8211; Fondation pour la Science et la Technologie, minist\u00e8re de l\u2019\u00c9ducation du Portugal.<\/p>\n<\/div>\n<\/section>\n<section class=\"av_textblock_section av-k8rujvj4-ce345c3301f99d913309b1455715563f \">\n<div class=\"avia_textblock\"><\/div>\n<\/section>\n<div class=\"hr av-kizzsxf0-27fe966858f1385aa7bbeaa08f3d3203 hr-invisible avia-builder-el-5 el_after_av_textblock el_before_av_textblock \"><\/div>\n<section class=\"av_textblock_section av-k8rujvj4-ce345c3301f99d913309b1455715563f \">\n<div class=\"avia_textblock\">\n<p style=\"text-align: center;\">Elle a publi\u00e9 les livres suivants\u00a0:<\/p>\n<ol>\n<li>Cl\u00e1usulas excludentes e limitativas da responsabilidade civil nas rela\u00e7\u00f5es de consumo: um estudo civil-constitucional. 1. ed. Lumen Iuris, 2018.<\/li>\n<li>A Prote\u00e7\u00e3o do consumidor no com\u00e9rcio eletr\u00f4nico \u2013 estudo comparado \u00e0 luz dos ordenamentos jur\u00eddicos brasileiro e portugu\u00eas. 1. ed. Curitiba\u00a0: 2013. v. 1. 258p.<\/li>\n<li>Direitos fundamentais dos consumidores. A sua aplicabilidade direta nas rela\u00e7\u00f5es jur\u00eddico privadas, \u00e0 luz dos ordenamentos jur\u00eddicos da Espanha, Portugal e Brasil. 1. ed. Lisboa: Juru\u00e1, 2012. v. 1. 142p.<\/li>\n<\/ol>\n<p style=\"text-align: center;\">Elle a \u00e9galement publi\u00e9 plusieurs chapitres de livres ainsi que des articles juridiques, dont les titres figurent ci-dessous.<\/p>\n<\/div>\n<\/section>\n<\/div><\/section>\n<div  class='avia-button-wrap av-khuhoxtz-dfa13f8d4f716cb549926121d9422d52-wrap avia-button-center  avia-builder-el-3  el_after_av_textblock  avia-builder-el-last '><a href='https:\/\/orcid.org\/0000-0003-4709-8351'  class='avia-button av-khuhoxtz-dfa13f8d4f716cb549926121d9422d52 av-link-btn avia-icon_select-no avia-size-large avia-position-center avia-color-theme-color'  target=\"_blank\"  rel=\"noopener noreferrer\"  aria-label=\"CURR\u00cdCULO DIOVANA BARBIERI\"><span class='avia_iconbox_title' >CURR\u00cdCULO DIOVANA BARBIERI<\/span><\/a><\/div>\n\n","protected":false},"excerpt":{"rendered":"","protected":false},"author":6,"featured_media":0,"parent":0,"menu_order":0,"comment_status":"closed","ping_status":"closed","template":"","meta":{"footnotes":""},"class_list":["post-3186","page","type-page","status-publish","hentry"],"yoast_head":"<!-- This site is optimized with the Yoast SEO plugin v27.4 - https:\/\/yoast.com\/product\/yoast-seo-wordpress\/ -->\n<title>NOTAIRE | Jo\u00e3o Maia Rodrigues<\/title>\n<meta name=\"description\" content=\"La Notaire est titulaire d\u2019un Doctorat en Nouvelles tendances en Droit priv\u00e9 de l\u2019Universit\u00e9 de Salamanque (USAL)\" \/>\n<meta name=\"robots\" content=\"index, follow, max-snippet:-1, max-image-preview:large, max-video-preview:-1\" \/>\n<link rel=\"canonical\" href=\"https:\/\/cartoriolisboa.pt\/fr\/notaire\/\" \/>\n<meta property=\"og:locale\" content=\"fr_FR\" \/>\n<meta property=\"og:type\" content=\"article\" \/>\n<meta property=\"og:title\" content=\"NOTAIRE | Jo\u00e3o Maia Rodrigues\" \/>\n<meta property=\"og:description\" content=\"La Notaire est titulaire d\u2019un Doctorat en Nouvelles tendances en Droit priv\u00e9 de l\u2019Universit\u00e9 de Salamanque (USAL)\" \/>\n<meta property=\"og:url\" content=\"https:\/\/cartoriolisboa.pt\/fr\/notaire\/\" \/>\n<meta property=\"og:site_name\" content=\"Jo\u00e3o Maia Rodrigues\" \/>\n<meta property=\"article:publisher\" content=\"https:\/\/www.facebook.com\/diovana.barbieri\" \/>\n<meta property=\"article:modified_time\" content=\"2025-04-03T16:24:37+00:00\" \/>\n<meta name=\"twitter:card\" content=\"summary_large_image\" \/>\n<meta name=\"twitter:label1\" content=\"Dur\u00e9e de lecture estim\u00e9e\" \/>\n\t<meta name=\"twitter:data1\" content=\"2 minutes\" \/>\n<script type=\"application\/ld+json\" class=\"yoast-schema-graph\">{\"@context\":\"https:\\\/\\\/schema.org\",\"@graph\":[{\"@type\":\"WebPage\",\"@id\":\"https:\\\/\\\/cartoriolisboa.pt\\\/fr\\\/notaire\\\/\",\"url\":\"https:\\\/\\\/cartoriolisboa.pt\\\/fr\\\/notaire\\\/\",\"name\":\"NOTAIRE | Jo\u00e3o Maia Rodrigues\",\"isPartOf\":{\"@id\":\"https:\\\/\\\/cartoriolisboa.pt\\\/fr\\\/#website\"},\"datePublished\":\"2024-11-26T09:32:14+00:00\",\"dateModified\":\"2025-04-03T16:24:37+00:00\",\"description\":\"La Notaire est titulaire d\u2019un Doctorat en Nouvelles tendances en Droit priv\u00e9 de l\u2019Universit\u00e9 de Salamanque (USAL)\",\"breadcrumb\":{\"@id\":\"https:\\\/\\\/cartoriolisboa.pt\\\/fr\\\/notaire\\\/#breadcrumb\"},\"inLanguage\":\"fr-FR\",\"potentialAction\":[{\"@type\":\"ReadAction\",\"target\":[\"https:\\\/\\\/cartoriolisboa.pt\\\/fr\\\/notaire\\\/\"]}]},{\"@type\":\"BreadcrumbList\",\"@id\":\"https:\\\/\\\/cartoriolisboa.pt\\\/fr\\\/notaire\\\/#breadcrumb\",\"itemListElement\":[{\"@type\":\"ListItem\",\"position\":1,\"name\":\"In\u00edcio\",\"item\":\"https:\\\/\\\/cartoriolisboa.pt\\\/fr\\\/home\\\/\"},{\"@type\":\"ListItem\",\"position\":2,\"name\":\"NOTAIRE\"}]},{\"@type\":\"WebSite\",\"@id\":\"https:\\\/\\\/cartoriolisboa.pt\\\/fr\\\/#website\",\"url\":\"https:\\\/\\\/cartoriolisboa.pt\\\/fr\\\/\",\"name\":\"Diovana Barbieri\",\"description\":\"Cart\u00f3rio Notarial\",\"publisher\":{\"@id\":\"https:\\\/\\\/cartoriolisboa.pt\\\/fr\\\/#organization\"},\"potentialAction\":[{\"@type\":\"SearchAction\",\"target\":{\"@type\":\"EntryPoint\",\"urlTemplate\":\"https:\\\/\\\/cartoriolisboa.pt\\\/fr\\\/?s={search_term_string}\"},\"query-input\":{\"@type\":\"PropertyValueSpecification\",\"valueRequired\":true,\"valueName\":\"search_term_string\"}}],\"inLanguage\":\"fr-FR\"},{\"@type\":\"Organization\",\"@id\":\"https:\\\/\\\/cartoriolisboa.pt\\\/fr\\\/#organization\",\"name\":\"Diovana Barbieri\",\"url\":\"https:\\\/\\\/cartoriolisboa.pt\\\/fr\\\/\",\"logo\":{\"@type\":\"ImageObject\",\"inLanguage\":\"fr-FR\",\"@id\":\"https:\\\/\\\/cartoriolisboa.pt\\\/fr\\\/#\\\/schema\\\/logo\\\/image\\\/\",\"url\":\"\",\"contentUrl\":\"\",\"caption\":\"Diovana Barbieri\"},\"image\":{\"@id\":\"https:\\\/\\\/cartoriolisboa.pt\\\/fr\\\/#\\\/schema\\\/logo\\\/image\\\/\"},\"sameAs\":[\"https:\\\/\\\/www.facebook.com\\\/diovana.barbieri\",\"https:\\\/\\\/pt.linkedin.com\\\/in\\\/diovana-barbieri-95741717\"]}]}<\/script>\n<!-- \/ Yoast SEO plugin. -->","yoast_head_json":{"title":"NOTAIRE | Jo\u00e3o Maia Rodrigues","description":"La Notaire est titulaire d\u2019un Doctorat en Nouvelles tendances en Droit priv\u00e9 de l\u2019Universit\u00e9 de Salamanque (USAL)","robots":{"index":"index","follow":"follow","max-snippet":"max-snippet:-1","max-image-preview":"max-image-preview:large","max-video-preview":"max-video-preview:-1"},"canonical":"https:\/\/cartoriolisboa.pt\/fr\/notaire\/","og_locale":"fr_FR","og_type":"article","og_title":"NOTAIRE | Jo\u00e3o Maia Rodrigues","og_description":"La Notaire est titulaire d\u2019un Doctorat en Nouvelles tendances en Droit priv\u00e9 de l\u2019Universit\u00e9 de Salamanque (USAL)","og_url":"https:\/\/cartoriolisboa.pt\/fr\/notaire\/","og_site_name":"Jo\u00e3o Maia Rodrigues","article_publisher":"https:\/\/www.facebook.com\/diovana.barbieri","article_modified_time":"2025-04-03T16:24:37+00:00","twitter_card":"summary_large_image","twitter_misc":{"Dur\u00e9e de lecture estim\u00e9e":"2 minutes"},"schema":{"@context":"https:\/\/schema.org","@graph":[{"@type":"WebPage","@id":"https:\/\/cartoriolisboa.pt\/fr\/notaire\/","url":"https:\/\/cartoriolisboa.pt\/fr\/notaire\/","name":"NOTAIRE | Jo\u00e3o Maia Rodrigues","isPartOf":{"@id":"https:\/\/cartoriolisboa.pt\/fr\/#website"},"datePublished":"2024-11-26T09:32:14+00:00","dateModified":"2025-04-03T16:24:37+00:00","description":"La Notaire est titulaire d\u2019un Doctorat en Nouvelles tendances en Droit priv\u00e9 de l\u2019Universit\u00e9 de Salamanque (USAL)","breadcrumb":{"@id":"https:\/\/cartoriolisboa.pt\/fr\/notaire\/#breadcrumb"},"inLanguage":"fr-FR","potentialAction":[{"@type":"ReadAction","target":["https:\/\/cartoriolisboa.pt\/fr\/notaire\/"]}]},{"@type":"BreadcrumbList","@id":"https:\/\/cartoriolisboa.pt\/fr\/notaire\/#breadcrumb","itemListElement":[{"@type":"ListItem","position":1,"name":"In\u00edcio","item":"https:\/\/cartoriolisboa.pt\/fr\/home\/"},{"@type":"ListItem","position":2,"name":"NOTAIRE"}]},{"@type":"WebSite","@id":"https:\/\/cartoriolisboa.pt\/fr\/#website","url":"https:\/\/cartoriolisboa.pt\/fr\/","name":"Diovana Barbieri","description":"Cart\u00f3rio Notarial","publisher":{"@id":"https:\/\/cartoriolisboa.pt\/fr\/#organization"},"potentialAction":[{"@type":"SearchAction","target":{"@type":"EntryPoint","urlTemplate":"https:\/\/cartoriolisboa.pt\/fr\/?s={search_term_string}"},"query-input":{"@type":"PropertyValueSpecification","valueRequired":true,"valueName":"search_term_string"}}],"inLanguage":"fr-FR"},{"@type":"Organization","@id":"https:\/\/cartoriolisboa.pt\/fr\/#organization","name":"Diovana Barbieri","url":"https:\/\/cartoriolisboa.pt\/fr\/","logo":{"@type":"ImageObject","inLanguage":"fr-FR","@id":"https:\/\/cartoriolisboa.pt\/fr\/#\/schema\/logo\/image\/","url":"","contentUrl":"","caption":"Diovana Barbieri"},"image":{"@id":"https:\/\/cartoriolisboa.pt\/fr\/#\/schema\/logo\/image\/"},"sameAs":["https:\/\/www.facebook.com\/diovana.barbieri","https:\/\/pt.linkedin.com\/in\/diovana-barbieri-95741717"]}]}},"_links":{"self":[{"href":"https:\/\/cartoriolisboa.pt\/fr\/wp-json\/wp\/v2\/pages\/3186","targetHints":{"allow":["GET"]}}],"collection":[{"href":"https:\/\/cartoriolisboa.pt\/fr\/wp-json\/wp\/v2\/pages"}],"about":[{"href":"https:\/\/cartoriolisboa.pt\/fr\/wp-json\/wp\/v2\/types\/page"}],"author":[{"embeddable":true,"href":"https:\/\/cartoriolisboa.pt\/fr\/wp-json\/wp\/v2\/users\/6"}],"replies":[{"embeddable":true,"href":"https:\/\/cartoriolisboa.pt\/fr\/wp-json\/wp\/v2\/comments?post=3186"}],"version-history":[{"count":2,"href":"https:\/\/cartoriolisboa.pt\/fr\/wp-json\/wp\/v2\/pages\/3186\/revisions"}],"predecessor-version":[{"id":3911,"href":"https:\/\/cartoriolisboa.pt\/fr\/wp-json\/wp\/v2\/pages\/3186\/revisions\/3911"}],"wp:attachment":[{"href":"https:\/\/cartoriolisboa.pt\/fr\/wp-json\/wp\/v2\/media?parent=3186"}],"curies":[{"name":"wp","href":"https:\/\/api.w.org\/{rel}","templated":true}]}}