{"id":3289,"date":"2020-10-26T16:34:18","date_gmt":"2020-10-26T16:34:18","guid":{"rendered":"https:\/\/cartoriolisboa.pt\/repudio\/"},"modified":"2025-03-30T16:13:53","modified_gmt":"2025-03-30T16:13:53","slug":"renonciation","status":"publish","type":"page","link":"https:\/\/cartoriolisboa.pt\/fr\/renonciation\/","title":{"rendered":"Renonciation"},"content":{"rendered":"\n<style type=\"text\/css\" data-created_by=\"avia_inline_auto\" id=\"style-css-av-k8ruodqu-3e2d8562e9527e3bb0b77ef9836c8d3d\">\n.avia-section.av-k8ruodqu-3e2d8562e9527e3bb0b77ef9836c8d3d{\nbackground-repeat:no-repeat;\nbackground-image:url(https:\/\/cartoriolisboa.pt\/wp-content\/uploads\/Repudio.jpg);\nbackground-position:50% 50%;\nbackground-attachment:scroll;\n}\n.avia-section.av-k8ruodqu-3e2d8562e9527e3bb0b77ef9836c8d3d .av-section-color-overlay{\nopacity:0.6;\nbackground-color:#000000;\n}\n<\/style>\n<div id='av_section_1'  class='avia-section av-k8ruodqu-3e2d8562e9527e3bb0b77ef9836c8d3d main_color avia-section-default avia-no-border-styling  avia-builder-el-0  el_before_av_section  avia-builder-el-first  avia-full-stretch avia-bg-style-scroll av-section-color-overlay-active av-minimum-height av-minimum-height-50 av-height-50  container_wrap fullsize'  data-section-bg-repeat='stretch' data-av_minimum_height_pc='50' data-av_min_height_opt='50'><div class=\"av-section-color-overlay-wrap\"><div class=\"av-section-color-overlay\"><\/div><div class='container av-section-cont-open' ><main  role=\"main\" itemprop=\"mainContentOfPage\"  class='template-page content  av-content-full alpha units'><div class='post-entry post-entry-type-page post-entry-3289'><div class='entry-content-wrapper clearfix'>\n\n<style type=\"text\/css\" data-created_by=\"avia_inline_auto\" id=\"style-css-av-9n8fa-dcf8614fb5d0fa153c2a20d6bc3098c2\">\n#top .av-special-heading.av-9n8fa-dcf8614fb5d0fa153c2a20d6bc3098c2{\nmargin:25px 0 0 0;\npadding-bottom:0;\ncolor:#ffffff;\nfont-size:55px;\n}\nbody .av-special-heading.av-9n8fa-dcf8614fb5d0fa153c2a20d6bc3098c2 .av-special-heading-tag .heading-char{\nfont-size:25px;\n}\n#top #wrap_all .av-special-heading.av-9n8fa-dcf8614fb5d0fa153c2a20d6bc3098c2 .av-special-heading-tag{\nfont-size:55px;\n}\n.av-special-heading.av-9n8fa-dcf8614fb5d0fa153c2a20d6bc3098c2 .special-heading-inner-border{\nborder-color:#ffffff;\n}\n.av-special-heading.av-9n8fa-dcf8614fb5d0fa153c2a20d6bc3098c2 .av-subheading{\nfont-size:15px;\n}\n\n@media only screen and (min-width: 480px) and (max-width: 767px){ \n#top #wrap_all .av-special-heading.av-9n8fa-dcf8614fb5d0fa153c2a20d6bc3098c2 .av-special-heading-tag{\nfont-size:0.8em;\n}\n}\n\n@media only screen and (max-width: 479px){ \n#top #wrap_all .av-special-heading.av-9n8fa-dcf8614fb5d0fa153c2a20d6bc3098c2 .av-special-heading-tag{\nfont-size:0.8em;\n}\n}\n<\/style>\n<div  class='av-special-heading av-9n8fa-dcf8614fb5d0fa153c2a20d6bc3098c2 av-special-heading-h1 custom-color-heading blockquote modern-quote modern-centered  avia-builder-el-1  avia-builder-el-no-sibling  av-inherit-size av-linked-heading'><h1 class='av-special-heading-tag '  itemprop=\"headline\"  >Renonciation<\/h1><div class=\"special-heading-border\"><div class=\"special-heading-inner-border\"><\/div><\/div><\/div>\n<\/div><\/div><\/main><!-- close content main element --><\/div><\/div><\/div><div id='av_section_2'  class='avia-section av-10d9s-f6565325238af4a09c5b7410547e13b2 main_color avia-section-default avia-no-border-styling  avia-builder-el-2  el_after_av_section  avia-builder-el-last  avia-bg-style-scroll container_wrap fullsize'  ><div class='container av-section-cont-open' ><div class='template-page content  av-content-full alpha units'><div class='post-entry post-entry-type-page post-entry-3289'><div class='entry-content-wrapper clearfix'>\n<section  class='av_textblock_section av-k8rujvj4-605bbaf9ebba3e483b26959086d4676f '   itemscope=\"itemscope\" itemtype=\"https:\/\/schema.org\/CreativeWork\" ><div class='avia_textblock'  itemprop=\"text\" ><p style=\"text-align: center;\">La renonciation est un acte juridique unilat\u00e9ral non r\u00e9ceptice et irr\u00e9vocable qui ne peut avoir lieu qu\u2019apr\u00e8s l\u2019ouverture de la succession, mais dont les effets sont r\u00e9troactifs \u00e0 cette date.<\/p>\n<p style=\"text-align: center;\">Elle est r\u00e9alis\u00e9e par acte notari\u00e9 lorsque l\u2019h\u00e9ritier souhaite d\u00e9clarer qu\u2019il n\u2019accepte pas l\u2019h\u00e9ritage dans lequel il a \u00e9t\u00e9 d\u00e9sign\u00e9 et \u00eatre ainsi \u00e9cart\u00e9 de la succession.<\/p>\n<p style=\"text-align: center;\">Consultez l\u2019\u00c9tude Notariale de Jo\u00e3o Maia Rodrigues et Diovana Barbieri et prenez rendez-vous pour votre acte.<\/p>\n<\/div><\/section>\n<\/p>\n","protected":false},"excerpt":{"rendered":"","protected":false},"author":1,"featured_media":0,"parent":0,"menu_order":3,"comment_status":"closed","ping_status":"closed","template":"","meta":{"footnotes":""},"class_list":["post-3289","page","type-page","status-publish","hentry"],"yoast_head":"<!-- This site is optimized with the Yoast SEO plugin v27.4 - https:\/\/yoast.com\/product\/yoast-seo-wordpress\/ -->\n<title>Renonciation | Jo\u00e3o Maia Rodrigues<\/title>\n<meta name=\"description\" content=\"O rep\u00fadio \u00e9 um neg\u00f3cio jur\u00eddico unilateral n\u00e3o recepct\u00edcio e irrevog\u00e1vel, que s\u00f3 pode ter lugar ap\u00f3s a aberLa renonciation est un acte juridique unilat\u00e9ral non r\u00e9ceptice et irr\u00e9vocable qui ne peut avoir lieu qu\u2019apr\u00e8s l\u2019ouverture de la succession, mais dont les effets sont r\u00e9troactifs \u00e0 cette date.tura da sucess\u00e3o, mas os seus efeitos retroagem a essa data.\" \/>\n<meta name=\"robots\" content=\"index, follow, max-snippet:-1, max-image-preview:large, max-video-preview:-1\" \/>\n<link rel=\"canonical\" href=\"https:\/\/cartoriolisboa.pt\/fr\/renonciation\/\" \/>\n<meta property=\"og:locale\" content=\"fr_FR\" \/>\n<meta property=\"og:type\" content=\"article\" \/>\n<meta property=\"og:title\" content=\"Renonciation | Jo\u00e3o Maia Rodrigues\" \/>\n<meta property=\"og:description\" content=\"O rep\u00fadio \u00e9 um neg\u00f3cio jur\u00eddico unilateral n\u00e3o recepct\u00edcio e irrevog\u00e1vel, que s\u00f3 pode ter lugar ap\u00f3s a aberLa renonciation est un acte juridique unilat\u00e9ral non r\u00e9ceptice et irr\u00e9vocable qui ne peut avoir lieu qu\u2019apr\u00e8s l\u2019ouverture de la succession, mais dont les effets sont r\u00e9troactifs \u00e0 cette date.tura da sucess\u00e3o, mas os seus efeitos retroagem a essa data.\" \/>\n<meta property=\"og:url\" content=\"https:\/\/cartoriolisboa.pt\/fr\/renonciation\/\" \/>\n<meta property=\"og:site_name\" content=\"Jo\u00e3o Maia Rodrigues\" \/>\n<meta property=\"article:publisher\" content=\"https:\/\/www.facebook.com\/diovana.barbieri\" \/>\n<meta property=\"article:modified_time\" content=\"2025-03-30T16:13:53+00:00\" \/>\n<meta name=\"twitter:card\" content=\"summary_large_image\" \/>\n<meta name=\"twitter:label1\" content=\"Dur\u00e9e de lecture estim\u00e9e\" \/>\n\t<meta name=\"twitter:data1\" content=\"1 minute\" \/>\n<script type=\"application\/ld+json\" class=\"yoast-schema-graph\">{\"@context\":\"https:\\\/\\\/schema.org\",\"@graph\":[{\"@type\":\"WebPage\",\"@id\":\"https:\\\/\\\/cartoriolisboa.pt\\\/fr\\\/renonciation\\\/\",\"url\":\"https:\\\/\\\/cartoriolisboa.pt\\\/fr\\\/renonciation\\\/\",\"name\":\"Renonciation | Jo\u00e3o Maia Rodrigues\",\"isPartOf\":{\"@id\":\"https:\\\/\\\/cartoriolisboa.pt\\\/fr\\\/#website\"},\"datePublished\":\"2020-10-26T16:34:18+00:00\",\"dateModified\":\"2025-03-30T16:13:53+00:00\",\"description\":\"O rep\u00fadio \u00e9 um neg\u00f3cio jur\u00eddico unilateral n\u00e3o recepct\u00edcio e irrevog\u00e1vel, que s\u00f3 pode ter lugar ap\u00f3s a aberLa renonciation est un acte juridique unilat\u00e9ral non r\u00e9ceptice et irr\u00e9vocable qui ne peut avoir lieu qu\u2019apr\u00e8s l\u2019ouverture de la succession, mais dont les effets sont r\u00e9troactifs \u00e0 cette date.tura da sucess\u00e3o, mas os seus efeitos retroagem a essa data.\",\"breadcrumb\":{\"@id\":\"https:\\\/\\\/cartoriolisboa.pt\\\/fr\\\/renonciation\\\/#breadcrumb\"},\"inLanguage\":\"fr-FR\",\"potentialAction\":[{\"@type\":\"ReadAction\",\"target\":[\"https:\\\/\\\/cartoriolisboa.pt\\\/fr\\\/renonciation\\\/\"]}]},{\"@type\":\"BreadcrumbList\",\"@id\":\"https:\\\/\\\/cartoriolisboa.pt\\\/fr\\\/renonciation\\\/#breadcrumb\",\"itemListElement\":[{\"@type\":\"ListItem\",\"position\":1,\"name\":\"In\u00edcio\",\"item\":\"https:\\\/\\\/cartoriolisboa.pt\\\/fr\\\/home\\\/\"},{\"@type\":\"ListItem\",\"position\":2,\"name\":\"Renonciation\"}]},{\"@type\":\"WebSite\",\"@id\":\"https:\\\/\\\/cartoriolisboa.pt\\\/fr\\\/#website\",\"url\":\"https:\\\/\\\/cartoriolisboa.pt\\\/fr\\\/\",\"name\":\"Diovana Barbieri\",\"description\":\"Cart\u00f3rio Notarial\",\"publisher\":{\"@id\":\"https:\\\/\\\/cartoriolisboa.pt\\\/fr\\\/#organization\"},\"potentialAction\":[{\"@type\":\"SearchAction\",\"target\":{\"@type\":\"EntryPoint\",\"urlTemplate\":\"https:\\\/\\\/cartoriolisboa.pt\\\/fr\\\/?s={search_term_string}\"},\"query-input\":{\"@type\":\"PropertyValueSpecification\",\"valueRequired\":true,\"valueName\":\"search_term_string\"}}],\"inLanguage\":\"fr-FR\"},{\"@type\":\"Organization\",\"@id\":\"https:\\\/\\\/cartoriolisboa.pt\\\/fr\\\/#organization\",\"name\":\"Diovana Barbieri\",\"url\":\"https:\\\/\\\/cartoriolisboa.pt\\\/fr\\\/\",\"logo\":{\"@type\":\"ImageObject\",\"inLanguage\":\"fr-FR\",\"@id\":\"https:\\\/\\\/cartoriolisboa.pt\\\/fr\\\/#\\\/schema\\\/logo\\\/image\\\/\",\"url\":\"\",\"contentUrl\":\"\",\"caption\":\"Diovana Barbieri\"},\"image\":{\"@id\":\"https:\\\/\\\/cartoriolisboa.pt\\\/fr\\\/#\\\/schema\\\/logo\\\/image\\\/\"},\"sameAs\":[\"https:\\\/\\\/www.facebook.com\\\/diovana.barbieri\",\"https:\\\/\\\/pt.linkedin.com\\\/in\\\/diovana-barbieri-95741717\"]}]}<\/script>\n<!-- \/ Yoast SEO plugin. -->","yoast_head_json":{"title":"Renonciation | Jo\u00e3o Maia Rodrigues","description":"O rep\u00fadio \u00e9 um neg\u00f3cio jur\u00eddico unilateral n\u00e3o recepct\u00edcio e irrevog\u00e1vel, que s\u00f3 pode ter lugar ap\u00f3s a aberLa renonciation est un acte juridique unilat\u00e9ral non r\u00e9ceptice et irr\u00e9vocable qui ne peut avoir lieu qu\u2019apr\u00e8s l\u2019ouverture de la succession, mais dont les effets sont r\u00e9troactifs \u00e0 cette date.tura da sucess\u00e3o, mas os seus efeitos retroagem a essa data.","robots":{"index":"index","follow":"follow","max-snippet":"max-snippet:-1","max-image-preview":"max-image-preview:large","max-video-preview":"max-video-preview:-1"},"canonical":"https:\/\/cartoriolisboa.pt\/fr\/renonciation\/","og_locale":"fr_FR","og_type":"article","og_title":"Renonciation | Jo\u00e3o Maia Rodrigues","og_description":"O rep\u00fadio \u00e9 um neg\u00f3cio jur\u00eddico unilateral n\u00e3o recepct\u00edcio e irrevog\u00e1vel, que s\u00f3 pode ter lugar ap\u00f3s a aberLa renonciation est un acte juridique unilat\u00e9ral non r\u00e9ceptice et irr\u00e9vocable qui ne peut avoir lieu qu\u2019apr\u00e8s l\u2019ouverture de la succession, mais dont les effets sont r\u00e9troactifs \u00e0 cette date.tura da sucess\u00e3o, mas os seus efeitos retroagem a essa data.","og_url":"https:\/\/cartoriolisboa.pt\/fr\/renonciation\/","og_site_name":"Jo\u00e3o Maia Rodrigues","article_publisher":"https:\/\/www.facebook.com\/diovana.barbieri","article_modified_time":"2025-03-30T16:13:53+00:00","twitter_card":"summary_large_image","twitter_misc":{"Dur\u00e9e de lecture estim\u00e9e":"1 minute"},"schema":{"@context":"https:\/\/schema.org","@graph":[{"@type":"WebPage","@id":"https:\/\/cartoriolisboa.pt\/fr\/renonciation\/","url":"https:\/\/cartoriolisboa.pt\/fr\/renonciation\/","name":"Renonciation | Jo\u00e3o Maia Rodrigues","isPartOf":{"@id":"https:\/\/cartoriolisboa.pt\/fr\/#website"},"datePublished":"2020-10-26T16:34:18+00:00","dateModified":"2025-03-30T16:13:53+00:00","description":"O rep\u00fadio \u00e9 um neg\u00f3cio jur\u00eddico unilateral n\u00e3o recepct\u00edcio e irrevog\u00e1vel, que s\u00f3 pode ter lugar ap\u00f3s a aberLa renonciation est un acte juridique unilat\u00e9ral non r\u00e9ceptice et irr\u00e9vocable qui ne peut avoir lieu qu\u2019apr\u00e8s l\u2019ouverture de la succession, mais dont les effets sont r\u00e9troactifs \u00e0 cette date.tura da sucess\u00e3o, mas os seus efeitos retroagem a essa data.","breadcrumb":{"@id":"https:\/\/cartoriolisboa.pt\/fr\/renonciation\/#breadcrumb"},"inLanguage":"fr-FR","potentialAction":[{"@type":"ReadAction","target":["https:\/\/cartoriolisboa.pt\/fr\/renonciation\/"]}]},{"@type":"BreadcrumbList","@id":"https:\/\/cartoriolisboa.pt\/fr\/renonciation\/#breadcrumb","itemListElement":[{"@type":"ListItem","position":1,"name":"In\u00edcio","item":"https:\/\/cartoriolisboa.pt\/fr\/home\/"},{"@type":"ListItem","position":2,"name":"Renonciation"}]},{"@type":"WebSite","@id":"https:\/\/cartoriolisboa.pt\/fr\/#website","url":"https:\/\/cartoriolisboa.pt\/fr\/","name":"Diovana Barbieri","description":"Cart\u00f3rio Notarial","publisher":{"@id":"https:\/\/cartoriolisboa.pt\/fr\/#organization"},"potentialAction":[{"@type":"SearchAction","target":{"@type":"EntryPoint","urlTemplate":"https:\/\/cartoriolisboa.pt\/fr\/?s={search_term_string}"},"query-input":{"@type":"PropertyValueSpecification","valueRequired":true,"valueName":"search_term_string"}}],"inLanguage":"fr-FR"},{"@type":"Organization","@id":"https:\/\/cartoriolisboa.pt\/fr\/#organization","name":"Diovana Barbieri","url":"https:\/\/cartoriolisboa.pt\/fr\/","logo":{"@type":"ImageObject","inLanguage":"fr-FR","@id":"https:\/\/cartoriolisboa.pt\/fr\/#\/schema\/logo\/image\/","url":"","contentUrl":"","caption":"Diovana Barbieri"},"image":{"@id":"https:\/\/cartoriolisboa.pt\/fr\/#\/schema\/logo\/image\/"},"sameAs":["https:\/\/www.facebook.com\/diovana.barbieri","https:\/\/pt.linkedin.com\/in\/diovana-barbieri-95741717"]}]}},"_links":{"self":[{"href":"https:\/\/cartoriolisboa.pt\/fr\/wp-json\/wp\/v2\/pages\/3289","targetHints":{"allow":["GET"]}}],"collection":[{"href":"https:\/\/cartoriolisboa.pt\/fr\/wp-json\/wp\/v2\/pages"}],"about":[{"href":"https:\/\/cartoriolisboa.pt\/fr\/wp-json\/wp\/v2\/types\/page"}],"author":[{"embeddable":true,"href":"https:\/\/cartoriolisboa.pt\/fr\/wp-json\/wp\/v2\/users\/1"}],"replies":[{"embeddable":true,"href":"https:\/\/cartoriolisboa.pt\/fr\/wp-json\/wp\/v2\/comments?post=3289"}],"version-history":[{"count":2,"href":"https:\/\/cartoriolisboa.pt\/fr\/wp-json\/wp\/v2\/pages\/3289\/revisions"}],"predecessor-version":[{"id":3294,"href":"https:\/\/cartoriolisboa.pt\/fr\/wp-json\/wp\/v2\/pages\/3289\/revisions\/3294"}],"wp:attachment":[{"href":"https:\/\/cartoriolisboa.pt\/fr\/wp-json\/wp\/v2\/media?parent=3289"}],"curies":[{"name":"wp","href":"https:\/\/api.w.org\/{rel}","templated":true}]}}