{"id":3632,"date":"2020-10-23T14:10:58","date_gmt":"2020-10-23T14:10:58","guid":{"rendered":"https:\/\/cartoriolisboa.pt\/inventario-para-cessar-a-comunhao-hereditaria\/"},"modified":"2025-04-02T13:09:03","modified_gmt":"2025-04-02T13:09:03","slug":"inventaire-pour-mettre-fin-a-la-communaute-hereditaire","status":"publish","type":"page","link":"https:\/\/cartoriolisboa.pt\/fr\/inventaire-pour-mettre-fin-a-la-communaute-hereditaire\/","title":{"rendered":"Inventaire pour mettre fin \u00e0 la communaut\u00e9 h\u00e9r\u00e9ditaire"},"content":{"rendered":"\n<style type=\"text\/css\" data-created_by=\"avia_inline_auto\" id=\"style-css-av-k8ruodqu-81233940fcba21fc55a0c58d12b5b5ca\">\n.avia-section.av-k8ruodqu-81233940fcba21fc55a0c58d12b5b5ca{\nbackground-repeat:no-repeat;\nbackground-image:url(https:\/\/cartoriolisboa.pt\/wp-content\/uploads\/Livros_II.jpg);\nbackground-position:0% 0%;\nbackground-attachment:scroll;\n}\n.avia-section.av-k8ruodqu-81233940fcba21fc55a0c58d12b5b5ca .av-section-color-overlay{\nopacity:0.6;\nbackground-color:#000000;\n}\n<\/style>\n<div id='av_section_1'  class='avia-section av-k8ruodqu-81233940fcba21fc55a0c58d12b5b5ca main_color avia-section-default avia-no-border-styling  avia-builder-el-0  el_before_av_section  avia-builder-el-first  avia-full-stretch avia-bg-style-scroll av-section-color-overlay-active av-minimum-height av-minimum-height-50 av-height-50  container_wrap fullsize'  data-section-bg-repeat='stretch' data-av_minimum_height_pc='50' data-av_min_height_opt='50'><div class=\"av-section-color-overlay-wrap\"><div class=\"av-section-color-overlay\"><\/div><div class='container av-section-cont-open' ><main  role=\"main\" itemprop=\"mainContentOfPage\"  class='template-page content  av-content-full alpha units'><div class='post-entry post-entry-type-page post-entry-3632'><div class='entry-content-wrapper clearfix'>\n\n<style type=\"text\/css\" data-created_by=\"avia_inline_auto\" id=\"style-css-av-aba1j-36e8dea64dcc00b3b8922353aca2e706\">\n#top .av-special-heading.av-aba1j-36e8dea64dcc00b3b8922353aca2e706{\nmargin:25px 0 0 0;\npadding-bottom:0;\ncolor:#ffffff;\nfont-size:55px;\n}\nbody .av-special-heading.av-aba1j-36e8dea64dcc00b3b8922353aca2e706 .av-special-heading-tag .heading-char{\nfont-size:25px;\n}\n#top #wrap_all .av-special-heading.av-aba1j-36e8dea64dcc00b3b8922353aca2e706 .av-special-heading-tag{\nfont-size:55px;\n}\n.av-special-heading.av-aba1j-36e8dea64dcc00b3b8922353aca2e706 .special-heading-inner-border{\nborder-color:#ffffff;\n}\n.av-special-heading.av-aba1j-36e8dea64dcc00b3b8922353aca2e706 .av-subheading{\nfont-size:15px;\n}\n\n@media only screen and (min-width: 480px) and (max-width: 767px){ \n#top #wrap_all .av-special-heading.av-aba1j-36e8dea64dcc00b3b8922353aca2e706 .av-special-heading-tag{\nfont-size:0.8em;\n}\n}\n\n@media only screen and (max-width: 479px){ \n#top #wrap_all .av-special-heading.av-aba1j-36e8dea64dcc00b3b8922353aca2e706 .av-special-heading-tag{\nfont-size:0.8em;\n}\n}\n<\/style>\n<div  class='av-special-heading av-aba1j-36e8dea64dcc00b3b8922353aca2e706 av-special-heading-h1 custom-color-heading blockquote modern-quote modern-centered  avia-builder-el-1  avia-builder-el-no-sibling  av-inherit-size av-linked-heading'><h1 class='av-special-heading-tag '  itemprop=\"headline\"  >Inventaire pour mettre fin \u00e0 la communaut\u00e9 h\u00e9r\u00e9ditaire<\/h1><div class=\"special-heading-border\"><div class=\"special-heading-inner-border\"><\/div><\/div><\/div>\n<\/div><\/div><\/main><!-- close content main element --><\/div><\/div><\/div><div id='av_section_2'  class='avia-section av-10d9s-f6565325238af4a09c5b7410547e13b2 main_color avia-section-default avia-no-border-styling  avia-builder-el-2  el_after_av_section  avia-builder-el-last  avia-bg-style-scroll container_wrap fullsize'  ><div class='container av-section-cont-open' ><div class='template-page content  av-content-full alpha units'><div class='post-entry post-entry-type-page post-entry-3632'><div class='entry-content-wrapper clearfix'>\n<section  class='av_textblock_section av-k8rujvj4-605bbaf9ebba3e483b26959086d4676f '   itemscope=\"itemscope\" itemtype=\"https:\/\/schema.org\/CreativeWork\" ><div class='avia_textblock'  itemprop=\"text\" ><p style=\"text-align: center;\">L\u2019inventaire visant \u00e0 mettre fin \u00e0 la communaut\u00e9 h\u00e9r\u00e9ditaire a pour objet de r\u00e9partir l\u2019h\u00e9ritage entre les h\u00e9ritiers l\u00e9gaux lorsqu\u2019il n\u2019y a pas de consensus entre les parties int\u00e9ress\u00e9es.<\/p>\n<p style=\"text-align: center;\">Le R\u00e9gime de l\u2019inventaire notari\u00e9 portugais (Loi n\u00b0 117\/2019 du 13 septembre) et l\u2019Ordonnance n\u00b0 278\/2013 du 26 ao\u00fbt s\u2019appliquent aux proc\u00e9dures engag\u00e9es \u00e0 partir du 01\/01\/2020.<\/p>\n<p style=\"text-align: center;\">Les parties int\u00e9ress\u00e9es peuvent choisir l\u2019\u00e9tude notariale o\u00f9 elles souhaitent engager leur proc\u00e9dure, \u00e0 condition qu\u2019il existe un lien pertinent avec le partage, \u00e9tabli notamment en fonction du lieu d\u2019ouverture de la succession, de la localisation de la majorit\u00e9 des biens immobiliers, de l\u2019\u00e9tablissement commercial ou de la r\u00e9sidence de la majorit\u00e9 des int\u00e9ress\u00e9s, et \u00e0 condition qu\u2019il ne s\u2019agisse pas d\u2019une comp\u00e9tence exclusive du Tribunal.<\/p>\n<p style=\"text-align: center;\">L\u2019\u00c9tude Notariale Jo\u00e3o Maia Rodrigues et Diovana Barbieri est pr\u00e9par\u00e9e \u00e0 aider les personnes int\u00e9ress\u00e9es par l\u2019instruction et le d\u00e9roulement de cette proc\u00e9dure li\u00e9e au partage du patrimoine h\u00e9r\u00e9ditaire.<\/p>\n<p style=\"text-align: center;\">Prenez rendez-vous avec la notaire.<\/p>\n<\/div><\/section>\n<\/p>\n","protected":false},"excerpt":{"rendered":"","protected":false},"author":1,"featured_media":0,"parent":0,"menu_order":2,"comment_status":"closed","ping_status":"closed","template":"","meta":{"footnotes":""},"class_list":["post-3632","page","type-page","status-publish","hentry"],"yoast_head":"<!-- This site is optimized with the Yoast SEO plugin v27.4 - https:\/\/yoast.com\/product\/yoast-seo-wordpress\/ -->\n<title>Inventaire pour mettre fin \u00e0 la communaut\u00e9 h\u00e9r\u00e9ditaire | Jo\u00e3o Maia Rodrigues<\/title>\n<meta name=\"description\" content=\"L\u2019inventaire visant \u00e0 mettre fin \u00e0 la communaut\u00e9 h\u00e9r\u00e9ditaire a pour objet de r\u00e9partir l\u2019h\u00e9ritage entre les h\u00e9ritiers l\u00e9gaux lorsqu\u2019il n\u2019y a pas de consensus entre les parties int\u00e9ress\u00e9es.\" \/>\n<meta name=\"robots\" content=\"index, follow, max-snippet:-1, max-image-preview:large, max-video-preview:-1\" \/>\n<link rel=\"canonical\" href=\"https:\/\/cartoriolisboa.pt\/fr\/inventaire-pour-mettre-fin-a-la-communaute-hereditaire\/\" \/>\n<meta property=\"og:locale\" content=\"fr_FR\" \/>\n<meta property=\"og:type\" content=\"article\" \/>\n<meta property=\"og:title\" content=\"Inventaire pour mettre fin \u00e0 la communaut\u00e9 h\u00e9r\u00e9ditaire | Jo\u00e3o Maia Rodrigues\" \/>\n<meta property=\"og:description\" content=\"L\u2019inventaire visant \u00e0 mettre fin \u00e0 la communaut\u00e9 h\u00e9r\u00e9ditaire a pour objet de r\u00e9partir l\u2019h\u00e9ritage entre les h\u00e9ritiers l\u00e9gaux lorsqu\u2019il n\u2019y a pas de consensus entre les parties int\u00e9ress\u00e9es.\" \/>\n<meta property=\"og:url\" content=\"https:\/\/cartoriolisboa.pt\/fr\/inventaire-pour-mettre-fin-a-la-communaute-hereditaire\/\" \/>\n<meta property=\"og:site_name\" content=\"Jo\u00e3o Maia Rodrigues\" \/>\n<meta property=\"article:publisher\" content=\"https:\/\/www.facebook.com\/diovana.barbieri\" \/>\n<meta property=\"article:modified_time\" content=\"2025-04-02T13:09:03+00:00\" \/>\n<meta name=\"twitter:card\" content=\"summary_large_image\" \/>\n<meta name=\"twitter:label1\" content=\"Dur\u00e9e de lecture estim\u00e9e\" \/>\n\t<meta name=\"twitter:data1\" content=\"1 minute\" \/>\n<script type=\"application\/ld+json\" class=\"yoast-schema-graph\">{\"@context\":\"https:\\\/\\\/schema.org\",\"@graph\":[{\"@type\":\"WebPage\",\"@id\":\"https:\\\/\\\/cartoriolisboa.pt\\\/fr\\\/inventaire-pour-mettre-fin-a-la-communaute-hereditaire\\\/\",\"url\":\"https:\\\/\\\/cartoriolisboa.pt\\\/fr\\\/inventaire-pour-mettre-fin-a-la-communaute-hereditaire\\\/\",\"name\":\"Inventaire pour mettre fin \u00e0 la communaut\u00e9 h\u00e9r\u00e9ditaire | Jo\u00e3o Maia Rodrigues\",\"isPartOf\":{\"@id\":\"https:\\\/\\\/cartoriolisboa.pt\\\/fr\\\/#website\"},\"datePublished\":\"2020-10-23T14:10:58+00:00\",\"dateModified\":\"2025-04-02T13:09:03+00:00\",\"description\":\"L\u2019inventaire visant \u00e0 mettre fin \u00e0 la communaut\u00e9 h\u00e9r\u00e9ditaire a pour objet de r\u00e9partir l\u2019h\u00e9ritage entre les h\u00e9ritiers l\u00e9gaux lorsqu\u2019il n\u2019y a pas de consensus entre les parties int\u00e9ress\u00e9es.\",\"breadcrumb\":{\"@id\":\"https:\\\/\\\/cartoriolisboa.pt\\\/fr\\\/inventaire-pour-mettre-fin-a-la-communaute-hereditaire\\\/#breadcrumb\"},\"inLanguage\":\"fr-FR\",\"potentialAction\":[{\"@type\":\"ReadAction\",\"target\":[\"https:\\\/\\\/cartoriolisboa.pt\\\/fr\\\/inventaire-pour-mettre-fin-a-la-communaute-hereditaire\\\/\"]}]},{\"@type\":\"BreadcrumbList\",\"@id\":\"https:\\\/\\\/cartoriolisboa.pt\\\/fr\\\/inventaire-pour-mettre-fin-a-la-communaute-hereditaire\\\/#breadcrumb\",\"itemListElement\":[{\"@type\":\"ListItem\",\"position\":1,\"name\":\"In\u00edcio\",\"item\":\"https:\\\/\\\/cartoriolisboa.pt\\\/fr\\\/home\\\/\"},{\"@type\":\"ListItem\",\"position\":2,\"name\":\"Inventaire pour mettre fin \u00e0 la communaut\u00e9 h\u00e9r\u00e9ditaire\"}]},{\"@type\":\"WebSite\",\"@id\":\"https:\\\/\\\/cartoriolisboa.pt\\\/fr\\\/#website\",\"url\":\"https:\\\/\\\/cartoriolisboa.pt\\\/fr\\\/\",\"name\":\"Diovana Barbieri\",\"description\":\"Cart\u00f3rio Notarial\",\"publisher\":{\"@id\":\"https:\\\/\\\/cartoriolisboa.pt\\\/fr\\\/#organization\"},\"potentialAction\":[{\"@type\":\"SearchAction\",\"target\":{\"@type\":\"EntryPoint\",\"urlTemplate\":\"https:\\\/\\\/cartoriolisboa.pt\\\/fr\\\/?s={search_term_string}\"},\"query-input\":{\"@type\":\"PropertyValueSpecification\",\"valueRequired\":true,\"valueName\":\"search_term_string\"}}],\"inLanguage\":\"fr-FR\"},{\"@type\":\"Organization\",\"@id\":\"https:\\\/\\\/cartoriolisboa.pt\\\/fr\\\/#organization\",\"name\":\"Diovana Barbieri\",\"url\":\"https:\\\/\\\/cartoriolisboa.pt\\\/fr\\\/\",\"logo\":{\"@type\":\"ImageObject\",\"inLanguage\":\"fr-FR\",\"@id\":\"https:\\\/\\\/cartoriolisboa.pt\\\/fr\\\/#\\\/schema\\\/logo\\\/image\\\/\",\"url\":\"\",\"contentUrl\":\"\",\"caption\":\"Diovana Barbieri\"},\"image\":{\"@id\":\"https:\\\/\\\/cartoriolisboa.pt\\\/fr\\\/#\\\/schema\\\/logo\\\/image\\\/\"},\"sameAs\":[\"https:\\\/\\\/www.facebook.com\\\/diovana.barbieri\",\"https:\\\/\\\/pt.linkedin.com\\\/in\\\/diovana-barbieri-95741717\"]}]}<\/script>\n<!-- \/ Yoast SEO plugin. -->","yoast_head_json":{"title":"Inventaire pour mettre fin \u00e0 la communaut\u00e9 h\u00e9r\u00e9ditaire | Jo\u00e3o Maia Rodrigues","description":"L\u2019inventaire visant \u00e0 mettre fin \u00e0 la communaut\u00e9 h\u00e9r\u00e9ditaire a pour objet de r\u00e9partir l\u2019h\u00e9ritage entre les h\u00e9ritiers l\u00e9gaux lorsqu\u2019il n\u2019y a pas de consensus entre les parties int\u00e9ress\u00e9es.","robots":{"index":"index","follow":"follow","max-snippet":"max-snippet:-1","max-image-preview":"max-image-preview:large","max-video-preview":"max-video-preview:-1"},"canonical":"https:\/\/cartoriolisboa.pt\/fr\/inventaire-pour-mettre-fin-a-la-communaute-hereditaire\/","og_locale":"fr_FR","og_type":"article","og_title":"Inventaire pour mettre fin \u00e0 la communaut\u00e9 h\u00e9r\u00e9ditaire | Jo\u00e3o Maia Rodrigues","og_description":"L\u2019inventaire visant \u00e0 mettre fin \u00e0 la communaut\u00e9 h\u00e9r\u00e9ditaire a pour objet de r\u00e9partir l\u2019h\u00e9ritage entre les h\u00e9ritiers l\u00e9gaux lorsqu\u2019il n\u2019y a pas de consensus entre les parties int\u00e9ress\u00e9es.","og_url":"https:\/\/cartoriolisboa.pt\/fr\/inventaire-pour-mettre-fin-a-la-communaute-hereditaire\/","og_site_name":"Jo\u00e3o Maia Rodrigues","article_publisher":"https:\/\/www.facebook.com\/diovana.barbieri","article_modified_time":"2025-04-02T13:09:03+00:00","twitter_card":"summary_large_image","twitter_misc":{"Dur\u00e9e de lecture estim\u00e9e":"1 minute"},"schema":{"@context":"https:\/\/schema.org","@graph":[{"@type":"WebPage","@id":"https:\/\/cartoriolisboa.pt\/fr\/inventaire-pour-mettre-fin-a-la-communaute-hereditaire\/","url":"https:\/\/cartoriolisboa.pt\/fr\/inventaire-pour-mettre-fin-a-la-communaute-hereditaire\/","name":"Inventaire pour mettre fin \u00e0 la communaut\u00e9 h\u00e9r\u00e9ditaire | Jo\u00e3o Maia Rodrigues","isPartOf":{"@id":"https:\/\/cartoriolisboa.pt\/fr\/#website"},"datePublished":"2020-10-23T14:10:58+00:00","dateModified":"2025-04-02T13:09:03+00:00","description":"L\u2019inventaire visant \u00e0 mettre fin \u00e0 la communaut\u00e9 h\u00e9r\u00e9ditaire a pour objet de r\u00e9partir l\u2019h\u00e9ritage entre les h\u00e9ritiers l\u00e9gaux lorsqu\u2019il n\u2019y a pas de consensus entre les parties int\u00e9ress\u00e9es.","breadcrumb":{"@id":"https:\/\/cartoriolisboa.pt\/fr\/inventaire-pour-mettre-fin-a-la-communaute-hereditaire\/#breadcrumb"},"inLanguage":"fr-FR","potentialAction":[{"@type":"ReadAction","target":["https:\/\/cartoriolisboa.pt\/fr\/inventaire-pour-mettre-fin-a-la-communaute-hereditaire\/"]}]},{"@type":"BreadcrumbList","@id":"https:\/\/cartoriolisboa.pt\/fr\/inventaire-pour-mettre-fin-a-la-communaute-hereditaire\/#breadcrumb","itemListElement":[{"@type":"ListItem","position":1,"name":"In\u00edcio","item":"https:\/\/cartoriolisboa.pt\/fr\/home\/"},{"@type":"ListItem","position":2,"name":"Inventaire pour mettre fin \u00e0 la communaut\u00e9 h\u00e9r\u00e9ditaire"}]},{"@type":"WebSite","@id":"https:\/\/cartoriolisboa.pt\/fr\/#website","url":"https:\/\/cartoriolisboa.pt\/fr\/","name":"Diovana Barbieri","description":"Cart\u00f3rio Notarial","publisher":{"@id":"https:\/\/cartoriolisboa.pt\/fr\/#organization"},"potentialAction":[{"@type":"SearchAction","target":{"@type":"EntryPoint","urlTemplate":"https:\/\/cartoriolisboa.pt\/fr\/?s={search_term_string}"},"query-input":{"@type":"PropertyValueSpecification","valueRequired":true,"valueName":"search_term_string"}}],"inLanguage":"fr-FR"},{"@type":"Organization","@id":"https:\/\/cartoriolisboa.pt\/fr\/#organization","name":"Diovana Barbieri","url":"https:\/\/cartoriolisboa.pt\/fr\/","logo":{"@type":"ImageObject","inLanguage":"fr-FR","@id":"https:\/\/cartoriolisboa.pt\/fr\/#\/schema\/logo\/image\/","url":"","contentUrl":"","caption":"Diovana Barbieri"},"image":{"@id":"https:\/\/cartoriolisboa.pt\/fr\/#\/schema\/logo\/image\/"},"sameAs":["https:\/\/www.facebook.com\/diovana.barbieri","https:\/\/pt.linkedin.com\/in\/diovana-barbieri-95741717"]}]}},"_links":{"self":[{"href":"https:\/\/cartoriolisboa.pt\/fr\/wp-json\/wp\/v2\/pages\/3632","targetHints":{"allow":["GET"]}}],"collection":[{"href":"https:\/\/cartoriolisboa.pt\/fr\/wp-json\/wp\/v2\/pages"}],"about":[{"href":"https:\/\/cartoriolisboa.pt\/fr\/wp-json\/wp\/v2\/types\/page"}],"author":[{"embeddable":true,"href":"https:\/\/cartoriolisboa.pt\/fr\/wp-json\/wp\/v2\/users\/1"}],"replies":[{"embeddable":true,"href":"https:\/\/cartoriolisboa.pt\/fr\/wp-json\/wp\/v2\/comments?post=3632"}],"version-history":[{"count":2,"href":"https:\/\/cartoriolisboa.pt\/fr\/wp-json\/wp\/v2\/pages\/3632\/revisions"}],"predecessor-version":[{"id":3637,"href":"https:\/\/cartoriolisboa.pt\/fr\/wp-json\/wp\/v2\/pages\/3632\/revisions\/3637"}],"wp:attachment":[{"href":"https:\/\/cartoriolisboa.pt\/fr\/wp-json\/wp\/v2\/media?parent=3632"}],"curies":[{"name":"wp","href":"https:\/\/api.w.org\/{rel}","templated":true}]}}