{"id":3831,"date":"2020-04-05T15:43:55","date_gmt":"2020-04-05T15:43:55","guid":{"rendered":"https:\/\/cartoriolisboa.pt\/registo-predial\/"},"modified":"2025-04-02T17:01:05","modified_gmt":"2025-04-02T17:01:05","slug":"registre-foncier","status":"publish","type":"page","link":"https:\/\/cartoriolisboa.pt\/fr\/registre-foncier\/","title":{"rendered":"Registre Foncier"},"content":{"rendered":"\n<style type=\"text\/css\" data-created_by=\"avia_inline_auto\" id=\"style-css-av-k8ruodqu-3281ee3f697dd86907ecb062029ea7c0\">\n.avia-section.av-k8ruodqu-3281ee3f697dd86907ecb062029ea7c0{\nbackground-repeat:no-repeat;\nbackground-image:url(https:\/\/cartoriolisboa.pt\/wp-content\/uploads\/Foto-Lisboa-VI.jpg);\nbackground-position:50% 50%;\nbackground-attachment:scroll;\n}\n.avia-section.av-k8ruodqu-3281ee3f697dd86907ecb062029ea7c0 .av-section-color-overlay{\nopacity:0.5;\nbackground-color:#000000;\n}\n<\/style>\n<div id='av_section_1'  class='avia-section av-k8ruodqu-3281ee3f697dd86907ecb062029ea7c0 main_color avia-section-default avia-no-border-styling  avia-builder-el-0  el_before_av_section  avia-builder-el-first  avia-full-stretch avia-bg-style-scroll av-section-color-overlay-active av-minimum-height av-minimum-height-50 av-height-50  container_wrap fullsize'  data-section-bg-repeat='stretch' data-av_minimum_height_pc='50' data-av_min_height_opt='50'><div class=\"av-section-color-overlay-wrap\"><div class=\"av-section-color-overlay\"><\/div><div class='container av-section-cont-open' ><main  role=\"main\" itemprop=\"mainContentOfPage\"  class='template-page content  av-content-full alpha units'><div class='post-entry post-entry-type-page post-entry-3831'><div class='entry-content-wrapper clearfix'>\n\n<style type=\"text\/css\" data-created_by=\"avia_inline_auto\" id=\"style-css-av-12btv-88c0cb71c83f73e71014aabee6238627\">\n#top .av-special-heading.av-12btv-88c0cb71c83f73e71014aabee6238627{\nmargin:25px 0 0 0;\npadding-bottom:0;\ncolor:#ffffff;\nfont-size:55px;\n}\nbody .av-special-heading.av-12btv-88c0cb71c83f73e71014aabee6238627 .av-special-heading-tag .heading-char{\nfont-size:25px;\n}\n#top #wrap_all .av-special-heading.av-12btv-88c0cb71c83f73e71014aabee6238627 .av-special-heading-tag{\nfont-size:55px;\n}\n.av-special-heading.av-12btv-88c0cb71c83f73e71014aabee6238627 .special-heading-inner-border{\nborder-color:#ffffff;\n}\n.av-special-heading.av-12btv-88c0cb71c83f73e71014aabee6238627 .av-subheading{\nfont-size:15px;\n}\n\n@media only screen and (min-width: 480px) and (max-width: 767px){ \n#top #wrap_all .av-special-heading.av-12btv-88c0cb71c83f73e71014aabee6238627 .av-special-heading-tag{\nfont-size:0.8em;\n}\n}\n\n@media only screen and (max-width: 479px){ \n#top #wrap_all .av-special-heading.av-12btv-88c0cb71c83f73e71014aabee6238627 .av-special-heading-tag{\nfont-size:0.8em;\n}\n}\n<\/style>\n<div  class='av-special-heading av-12btv-88c0cb71c83f73e71014aabee6238627 av-special-heading-h1 custom-color-heading blockquote modern-quote modern-centered  avia-builder-el-1  el_before_av_textblock  avia-builder-el-first  av-inherit-size av-linked-heading'><h1 class='av-special-heading-tag '  itemprop=\"headline\"  >Registre Foncier<\/h1><div class=\"special-heading-border\"><div class=\"special-heading-inner-border\"><\/div><\/div><\/div>\n\n<style type=\"text\/css\" data-created_by=\"avia_inline_auto\" id=\"style-css-av-k8rujvj4-c01ac64d711fbfae2efdf8fb17ee224a\">\n#top .av_textblock_section.av-k8rujvj4-c01ac64d711fbfae2efdf8fb17ee224a .avia_textblock{\nfont-size:20px;\ncolor:#ffffff;\n}\n<\/style>\n<section  class='av_textblock_section av-k8rujvj4-c01ac64d711fbfae2efdf8fb17ee224a '   itemscope=\"itemscope\" itemtype=\"https:\/\/schema.org\/CreativeWork\" ><div class='avia_textblock av_inherit_color'  itemprop=\"text\" ><p style=\"text-align: center;\">Sa fonction de publicit\u00e9 vise \u00e0 produire les effets des faits soumis \u00e0 un registre envers des tiers.<\/p>\n<\/div><\/section>\n\n<\/div><\/div><\/main><!-- close content main element --><\/div><\/div><\/div><div id='av_section_2'  class='avia-section av-10d9s-f6565325238af4a09c5b7410547e13b2 main_color avia-section-default avia-no-border-styling  avia-builder-el-3  el_after_av_section  avia-builder-el-last  avia-bg-style-scroll container_wrap fullsize'  ><div class='container av-section-cont-open' ><div class='template-page content  av-content-full alpha units'><div class='post-entry post-entry-type-page post-entry-3831'><div class='entry-content-wrapper clearfix'>\n<div class='flex_column_table av-nui0-8c984f95203161dedf6a4c925bde8177 sc-av_one_half av-equal-height-column-flextable'>\n<style type=\"text\/css\" data-created_by=\"avia_inline_auto\" id=\"style-css-av-nui0-8c984f95203161dedf6a4c925bde8177\">\n.flex_column.av-nui0-8c984f95203161dedf6a4c925bde8177{\nborder-radius:0px 0px 0px 0px;\npadding:0px 0px 0px 0px;\n}\n<\/style>\n<div  class='flex_column av-nui0-8c984f95203161dedf6a4c925bde8177 av_one_half  avia-builder-el-4  el_before_av_one_half  avia-builder-el-first  first flex_column_table_cell av-equal-height-column av-align-middle av-zero-column-padding  '     ><section  class='av_textblock_section av-k8uuvav8-5e2180cbe58271db147f65d6e330ebf0 '   itemscope=\"itemscope\" itemtype=\"https:\/\/schema.org\/CreativeWork\" ><div class='avia_textblock'  itemprop=\"text\" ><p>L\u2019objectif principal du Registre Foncier est de faire conna\u00eetre la situation juridique des biens immobiliers afin d\u2019am\u00e9liorer la s\u00e9curit\u00e9 des transactions juridiques qui s\u2019y rapportent, puisque le transfert de propri\u00e9t\u00e9 d\u2019un bien ou les effets des transactions se produisent au moment de la signature de l\u2019acte notari\u00e9.<\/p>\n<p>Ce n\u2019est que dans le cas de l\u2019hypoth\u00e8que immobili\u00e8re que le registre foncier a un effet constitutif, car celle-ci ne produit d\u2019effets juridiques que lorsque le registre a \u00e9t\u00e9 effectu\u00e9.<\/p>\n<p>La principale utilit\u00e9 du registre foncier est de donner la priorit\u00e9 aux transactions juridiques enregistr\u00e9es en premier sur celles qui les suivent concernant les m\u00eames biens. Le Registre Foncier donne lieu \u00e0 la pr\u00e9somption que les droits enregistr\u00e9s existent devant la loi et appartiennent aux titulaires inscrits dans le registre.<\/p>\n<\/div><\/section><\/div><div class='av-flex-placeholder'><\/div>\n<style type=\"text\/css\" data-created_by=\"avia_inline_auto\" id=\"style-css-av-nui0-e6b98794efc1fc1db5b9a150bdcd65c2\">\n.flex_column.av-nui0-e6b98794efc1fc1db5b9a150bdcd65c2{\nborder-radius:0px 0px 0px 0px;\npadding:0px 0px 0px 0px;\n}\n<\/style>\n<div  class='flex_column av-nui0-e6b98794efc1fc1db5b9a150bdcd65c2 av_one_half  avia-builder-el-6  el_after_av_one_half  avia-builder-el-last  flex_column_table_cell av-equal-height-column av-align-middle av-zero-column-padding  '     ><p>\n<style type=\"text\/css\" data-created_by=\"avia_inline_auto\" id=\"style-css-av-m3izojdz-45fcbb42fa63896708b92ee236118e35\">\n#top .av-special-heading.av-m3izojdz-45fcbb42fa63896708b92ee236118e35{\npadding-bottom:10px;\n}\nbody .av-special-heading.av-m3izojdz-45fcbb42fa63896708b92ee236118e35 .av-special-heading-tag .heading-char{\nfont-size:25px;\n}\n.av-special-heading.av-m3izojdz-45fcbb42fa63896708b92ee236118e35 .av-subheading{\nfont-size:15px;\n}\n<\/style>\n<div  class='av-special-heading av-m3izojdz-45fcbb42fa63896708b92ee236118e35 av-special-heading-h3 blockquote modern-quote  avia-builder-el-7  el_before_av_textblock  avia-builder-el-first  av-linked-heading'><h3 class='av-special-heading-tag '  itemprop=\"headline\"  >Certains des actes du registre foncier que l\u2019\u00c9tude Notariale de Lisbonne Jo\u00e3o Maia Rodrigues et Diovana Barbieri est habilit\u00e9e \u00e0 promouvoir sont:<\/h3><div class=\"special-heading-border\"><div class=\"special-heading-inner-border\"><\/div><\/div><\/div><br \/>\n<section  class='av_textblock_section av-k8uuvav8-5e2180cbe58271db147f65d6e330ebf0 '   itemscope=\"itemscope\" itemtype=\"https:\/\/schema.org\/CreativeWork\" ><div class='avia_textblock'  itemprop=\"text\" ><ul class=\"list\">\n<li>Acquisition d\u00e9finitive \/ provisoire\u00a0;<\/li>\n<li>Hypoth\u00e8que d\u00e9finitive \/ provisoire\u00a0;<\/li>\n<li>Usufruit\u00a0;<\/li>\n<li>Droit d\u2019usage et d\u2019habitation\u00a0;<\/li>\n<li>Annulation de registres (Ex.\u00a0: hypoth\u00e8que, saisie)\u00a0;<\/li>\n<li>Contrats &#8211; Promesse synallagmatique de contrat.<\/li>\n<\/ul>\n<\/div><\/section><\/p><\/div><\/div><!--close column table wrapper. Autoclose: 1 -->\n","protected":false},"excerpt":{"rendered":"","protected":false},"author":1,"featured_media":0,"parent":0,"menu_order":1,"comment_status":"closed","ping_status":"closed","template":"","meta":{"footnotes":""},"class_list":["post-3831","page","type-page","status-publish","hentry"],"yoast_head":"<!-- This site is optimized with the Yoast SEO plugin v27.4 - https:\/\/yoast.com\/product\/yoast-seo-wordpress\/ -->\n<title>Registre Foncier | Jo\u00e3o Maia Rodrigues<\/title>\n<meta name=\"description\" content=\"Sa fonction de publicit\u00e9 vise \u00e0 produire les effets des faits soumis \u00e0 un registre envers des tiers.\" \/>\n<meta name=\"robots\" content=\"index, follow, max-snippet:-1, max-image-preview:large, max-video-preview:-1\" \/>\n<link rel=\"canonical\" href=\"https:\/\/cartoriolisboa.pt\/fr\/registre-foncier\/\" \/>\n<meta property=\"og:locale\" content=\"fr_FR\" \/>\n<meta property=\"og:type\" content=\"article\" \/>\n<meta property=\"og:title\" content=\"Registre Foncier | Jo\u00e3o Maia Rodrigues\" \/>\n<meta property=\"og:description\" content=\"Sa fonction de publicit\u00e9 vise \u00e0 produire les effets des faits soumis \u00e0 un registre envers des tiers.\" \/>\n<meta property=\"og:url\" content=\"https:\/\/cartoriolisboa.pt\/fr\/registre-foncier\/\" \/>\n<meta property=\"og:site_name\" content=\"Jo\u00e3o Maia Rodrigues\" \/>\n<meta property=\"article:publisher\" content=\"https:\/\/www.facebook.com\/diovana.barbieri\" \/>\n<meta property=\"article:modified_time\" content=\"2025-04-02T17:01:05+00:00\" \/>\n<meta name=\"twitter:card\" content=\"summary_large_image\" \/>\n<meta name=\"twitter:label1\" content=\"Dur\u00e9e de lecture estim\u00e9e\" \/>\n\t<meta name=\"twitter:data1\" content=\"2 minutes\" \/>\n<script type=\"application\/ld+json\" class=\"yoast-schema-graph\">{\"@context\":\"https:\\\/\\\/schema.org\",\"@graph\":[{\"@type\":\"WebPage\",\"@id\":\"https:\\\/\\\/cartoriolisboa.pt\\\/fr\\\/registre-foncier\\\/\",\"url\":\"https:\\\/\\\/cartoriolisboa.pt\\\/fr\\\/registre-foncier\\\/\",\"name\":\"Registre Foncier | Jo\u00e3o Maia Rodrigues\",\"isPartOf\":{\"@id\":\"https:\\\/\\\/cartoriolisboa.pt\\\/fr\\\/#website\"},\"datePublished\":\"2020-04-05T15:43:55+00:00\",\"dateModified\":\"2025-04-02T17:01:05+00:00\",\"description\":\"Sa fonction de publicit\u00e9 vise \u00e0 produire les effets des faits soumis \u00e0 un registre envers des tiers.\",\"breadcrumb\":{\"@id\":\"https:\\\/\\\/cartoriolisboa.pt\\\/fr\\\/registre-foncier\\\/#breadcrumb\"},\"inLanguage\":\"fr-FR\",\"potentialAction\":[{\"@type\":\"ReadAction\",\"target\":[\"https:\\\/\\\/cartoriolisboa.pt\\\/fr\\\/registre-foncier\\\/\"]}]},{\"@type\":\"BreadcrumbList\",\"@id\":\"https:\\\/\\\/cartoriolisboa.pt\\\/fr\\\/registre-foncier\\\/#breadcrumb\",\"itemListElement\":[{\"@type\":\"ListItem\",\"position\":1,\"name\":\"In\u00edcio\",\"item\":\"https:\\\/\\\/cartoriolisboa.pt\\\/fr\\\/home\\\/\"},{\"@type\":\"ListItem\",\"position\":2,\"name\":\"Registre Foncier\"}]},{\"@type\":\"WebSite\",\"@id\":\"https:\\\/\\\/cartoriolisboa.pt\\\/fr\\\/#website\",\"url\":\"https:\\\/\\\/cartoriolisboa.pt\\\/fr\\\/\",\"name\":\"Diovana Barbieri\",\"description\":\"Cart\u00f3rio Notarial\",\"publisher\":{\"@id\":\"https:\\\/\\\/cartoriolisboa.pt\\\/fr\\\/#organization\"},\"potentialAction\":[{\"@type\":\"SearchAction\",\"target\":{\"@type\":\"EntryPoint\",\"urlTemplate\":\"https:\\\/\\\/cartoriolisboa.pt\\\/fr\\\/?s={search_term_string}\"},\"query-input\":{\"@type\":\"PropertyValueSpecification\",\"valueRequired\":true,\"valueName\":\"search_term_string\"}}],\"inLanguage\":\"fr-FR\"},{\"@type\":\"Organization\",\"@id\":\"https:\\\/\\\/cartoriolisboa.pt\\\/fr\\\/#organization\",\"name\":\"Diovana Barbieri\",\"url\":\"https:\\\/\\\/cartoriolisboa.pt\\\/fr\\\/\",\"logo\":{\"@type\":\"ImageObject\",\"inLanguage\":\"fr-FR\",\"@id\":\"https:\\\/\\\/cartoriolisboa.pt\\\/fr\\\/#\\\/schema\\\/logo\\\/image\\\/\",\"url\":\"\",\"contentUrl\":\"\",\"caption\":\"Diovana Barbieri\"},\"image\":{\"@id\":\"https:\\\/\\\/cartoriolisboa.pt\\\/fr\\\/#\\\/schema\\\/logo\\\/image\\\/\"},\"sameAs\":[\"https:\\\/\\\/www.facebook.com\\\/diovana.barbieri\",\"https:\\\/\\\/pt.linkedin.com\\\/in\\\/diovana-barbieri-95741717\"]}]}<\/script>\n<!-- \/ Yoast SEO plugin. -->","yoast_head_json":{"title":"Registre Foncier | Jo\u00e3o Maia Rodrigues","description":"Sa fonction de publicit\u00e9 vise \u00e0 produire les effets des faits soumis \u00e0 un registre envers des tiers.","robots":{"index":"index","follow":"follow","max-snippet":"max-snippet:-1","max-image-preview":"max-image-preview:large","max-video-preview":"max-video-preview:-1"},"canonical":"https:\/\/cartoriolisboa.pt\/fr\/registre-foncier\/","og_locale":"fr_FR","og_type":"article","og_title":"Registre Foncier | Jo\u00e3o Maia Rodrigues","og_description":"Sa fonction de publicit\u00e9 vise \u00e0 produire les effets des faits soumis \u00e0 un registre envers des tiers.","og_url":"https:\/\/cartoriolisboa.pt\/fr\/registre-foncier\/","og_site_name":"Jo\u00e3o Maia Rodrigues","article_publisher":"https:\/\/www.facebook.com\/diovana.barbieri","article_modified_time":"2025-04-02T17:01:05+00:00","twitter_card":"summary_large_image","twitter_misc":{"Dur\u00e9e de lecture estim\u00e9e":"2 minutes"},"schema":{"@context":"https:\/\/schema.org","@graph":[{"@type":"WebPage","@id":"https:\/\/cartoriolisboa.pt\/fr\/registre-foncier\/","url":"https:\/\/cartoriolisboa.pt\/fr\/registre-foncier\/","name":"Registre Foncier | Jo\u00e3o Maia Rodrigues","isPartOf":{"@id":"https:\/\/cartoriolisboa.pt\/fr\/#website"},"datePublished":"2020-04-05T15:43:55+00:00","dateModified":"2025-04-02T17:01:05+00:00","description":"Sa fonction de publicit\u00e9 vise \u00e0 produire les effets des faits soumis \u00e0 un registre envers des tiers.","breadcrumb":{"@id":"https:\/\/cartoriolisboa.pt\/fr\/registre-foncier\/#breadcrumb"},"inLanguage":"fr-FR","potentialAction":[{"@type":"ReadAction","target":["https:\/\/cartoriolisboa.pt\/fr\/registre-foncier\/"]}]},{"@type":"BreadcrumbList","@id":"https:\/\/cartoriolisboa.pt\/fr\/registre-foncier\/#breadcrumb","itemListElement":[{"@type":"ListItem","position":1,"name":"In\u00edcio","item":"https:\/\/cartoriolisboa.pt\/fr\/home\/"},{"@type":"ListItem","position":2,"name":"Registre Foncier"}]},{"@type":"WebSite","@id":"https:\/\/cartoriolisboa.pt\/fr\/#website","url":"https:\/\/cartoriolisboa.pt\/fr\/","name":"Diovana Barbieri","description":"Cart\u00f3rio Notarial","publisher":{"@id":"https:\/\/cartoriolisboa.pt\/fr\/#organization"},"potentialAction":[{"@type":"SearchAction","target":{"@type":"EntryPoint","urlTemplate":"https:\/\/cartoriolisboa.pt\/fr\/?s={search_term_string}"},"query-input":{"@type":"PropertyValueSpecification","valueRequired":true,"valueName":"search_term_string"}}],"inLanguage":"fr-FR"},{"@type":"Organization","@id":"https:\/\/cartoriolisboa.pt\/fr\/#organization","name":"Diovana Barbieri","url":"https:\/\/cartoriolisboa.pt\/fr\/","logo":{"@type":"ImageObject","inLanguage":"fr-FR","@id":"https:\/\/cartoriolisboa.pt\/fr\/#\/schema\/logo\/image\/","url":"","contentUrl":"","caption":"Diovana Barbieri"},"image":{"@id":"https:\/\/cartoriolisboa.pt\/fr\/#\/schema\/logo\/image\/"},"sameAs":["https:\/\/www.facebook.com\/diovana.barbieri","https:\/\/pt.linkedin.com\/in\/diovana-barbieri-95741717"]}]}},"_links":{"self":[{"href":"https:\/\/cartoriolisboa.pt\/fr\/wp-json\/wp\/v2\/pages\/3831","targetHints":{"allow":["GET"]}}],"collection":[{"href":"https:\/\/cartoriolisboa.pt\/fr\/wp-json\/wp\/v2\/pages"}],"about":[{"href":"https:\/\/cartoriolisboa.pt\/fr\/wp-json\/wp\/v2\/types\/page"}],"author":[{"embeddable":true,"href":"https:\/\/cartoriolisboa.pt\/fr\/wp-json\/wp\/v2\/users\/1"}],"replies":[{"embeddable":true,"href":"https:\/\/cartoriolisboa.pt\/fr\/wp-json\/wp\/v2\/comments?post=3831"}],"version-history":[{"count":3,"href":"https:\/\/cartoriolisboa.pt\/fr\/wp-json\/wp\/v2\/pages\/3831\/revisions"}],"predecessor-version":[{"id":4131,"href":"https:\/\/cartoriolisboa.pt\/fr\/wp-json\/wp\/v2\/pages\/3831\/revisions\/4131"}],"wp:attachment":[{"href":"https:\/\/cartoriolisboa.pt\/fr\/wp-json\/wp\/v2\/media?parent=3831"}],"curies":[{"name":"wp","href":"https:\/\/api.w.org\/{rel}","templated":true}]}}